{"id":187,"date":"2018-05-13T21:59:03","date_gmt":"2018-05-13T19:59:03","guid":{"rendered":"http:\/\/rjp8.katowice.pl\/?page_id=187"},"modified":"2025-03-06T19:34:28","modified_gmt":"2025-03-06T18:34:28","slug":"sklad-rady-kadencja-2018-2022","status":"publish","type":"page","link":"https:\/\/radadzielnicy.witosa.pl\/?page_id=187","title":{"rendered":"Sk\u0142ad  Rady &#8211; Kadencja &#8222;2018-2025&#8221;"},"content":{"rendered":"<div class=\"fcbkbttn_buttons_block\" id=\"fcbkbttn_left\"><div class=\"fcbkbttn_like \"><fb:like href=\"https:\/\/radadzielnicy.witosa.pl\/?page_id=187\" action=\"like\" colorscheme=\"light\" layout=\"standard\"  width=\"225px\" size=\"small\"><\/fb:like><\/div><div class=\"fb-share-button  \" data-href=\"https:\/\/radadzielnicy.witosa.pl\/?page_id=187\" data-type=\"button_count\" data-size=\"small\"><\/div><\/div><p><em>od&nbsp; 2024 roku po \u015bmierci&nbsp; GRANISZ \u200bWALDEMARA &#8211; sk\u0142ad liczy 14 os\u00f3b.<\/em><\/p>\n<p>Przewodnicz\u0105cy Zarz\u0105du Osiedla &#8211; <strong>Michal Bonk<br \/>\n<\/strong>Zast\u0119pca przewodnicz\u0105cego Zarz\u0105du &#8211; <strong>Marek Ko\u015bcielny<br \/>\n<\/strong>Sekretarz Zarz\u0105du &#8211;&nbsp; <strong>Robert Czerner<\/strong><\/p>\n<p>Przewodnicz\u0105cy Rady Osiedla &#8211; <strong>Krzysztof Kraus<br \/>\n<\/strong>Wiceprzewodnicz\u0105ca Rady &#8211;&nbsp;&nbsp;<strong>El\u017cbieta Praus<\/strong><\/p>\n<p>Radni:<\/p>\n<p>BIELSKI BARTOSZ<br \/>\nNACHLIK KAMIL&nbsp;<br \/>\nD\u0104BROWSKA \u200bKATARZYNA<br \/>\nKO\u015aCIELNY \u200bMAREK<br \/>\nNAWARA SONIA<br \/>\nMIODO\u0143SKI \u200bARKADIUSZ<br \/>\nPAJ\u0104K \u200bTERESA<br \/>\n\u200bPIETRASIK \u200bPAWE\u0141<br \/>\nSIPEK \u200bTOMASZ<br \/>\nURBA\u0143SKI \u200bMATEUSZ<\/p>\n<p>&nbsp;<\/p>\n<p><a class=\"\" role=\"button\" href=\"https:\/\/bip.katowice.eu\/RadaMiasta\/Radni\/okregi.aspx?menu=657#collapse4\" data-toggle=\"collapse\" data-parent=\"#accordion\" aria-expanded=\"true\" aria-controls=\"collapse4\">Radni&nbsp; Rady Miasta wybrani z Okr\u0119gu Nr 4 Za\u0142\u0119ska Ha\u0142da &#8211; Bryn\u00f3w cz\u0119\u015b\u0107 zachodnia, Za\u0142\u0119\u017ce, Osiedle Witosa, Osiedle Tysi\u0105clecia<\/a><\/p>\n<div id=\"collapse4\" class=\"panel-collapse collapse in\" role=\"tabpanel\" aria-labelledby=\"heading4\" aria-expanded=\"true\">\n<div class=\"panel-body\">\n<p><a href=\"https:\/\/bip.katowice.eu\/RadaMiasta\/Radni\/radny.aspx?ido=5344&amp;menu=657\">Patryk&nbsp;Bia\u0142as<\/a><br \/>\n<a href=\"https:\/\/bip.katowice.eu\/RadaMiasta\/Radni\/radny.aspx?ido=5355&amp;menu=657\">Leszek Piechota<\/a><br \/>\n<a href=\"https:\/\/bip.katowice.eu\/RadaMiasta\/Radni\/radny.aspx?ido=5358&amp;menu=657\">Borys Pronobis<\/a><br \/>\n<a href=\"https:\/\/bip.katowice.eu\/RadaMiasta\/Radni\/radny.aspx?ido=5368&amp;menu=657\">Magdalena&nbsp;Wieczorek<\/a><br \/>\n<a href=\"https:\/\/bip.katowice.eu\/RadaMiasta\/Radni\/radny.aspx?ido=5388&amp;menu=657\">Agnieszka Pi\u0105tek<\/a><\/p>\n<\/div>\n<\/div>\n<p><em>od 10-05-2022<\/em><\/p>\n<p>Przewodnicz\u0105cy Zarz\u0105du Osiedla &#8211; <strong>Michal Bonk<br \/>\n<\/strong>Zast\u0119pca przewodnicz\u0105cego Zarz\u0105du &#8211; <strong>Marek Ko\u015bcielny<br \/>\n<\/strong>Sekretarz Zarz\u0105du &#8211;&nbsp; <strong>Robert Czerner<\/strong><\/p>\n<p>Przewodnicz\u0105cy Rady Osiedla &#8211; <strong>Krzysztof Kraus<br \/>\n<\/strong>Wiceprzewodnicz\u0105ca Rady &#8211;&nbsp;&nbsp;<strong>El\u017cbieta Praus<\/strong><\/p>\n<p>Radni:<\/p>\n<p>BIELSKI BARTOSZ<br \/>\nNACHLIK KAMIL&nbsp;<br \/>\nD\u0104BROWSKA \u200bKATARZYNA<br \/>\nGRANISZ \u200bWALDEMAR &#8211; zmar\u0142,&nbsp;<br \/>\nKO\u015aCIELNY \u200bMAREK<br \/>\nNAWARA SONIA<br \/>\nMIODO\u0143SKI \u200bARKADIUSZ<br \/>\nPAJ\u0104K \u200bTERESA<br \/>\n\u200bPIETRASIK \u200bPAWE\u0141<br \/>\nSIPEK \u200bTOMASZ<br \/>\nURBA\u0143SKI \u200bMATEUSZ<\/p>\n<p>&nbsp;<\/p>\n<p><em>od 17-09-2019<\/em><\/p>\n<p>Przewodnicz\u0105cy Zarz\u0105du Osiedla &#8211; <strong>Michal Bonk<br \/>\n<\/strong>Zast\u0119pca przewodnicz\u0105cego Zarz\u0105du &#8211; <strong>Marek Ko\u015bcielny<br \/>\n<\/strong>Sekretarz Zarz\u0105du &#8211;&nbsp; <strong>Robert Czerner<\/strong><\/p>\n<p>Przewodnicz\u0105cy Rady Osiedla &#8211; <strong>Krzysztof Kraus<br \/>\n<\/strong>Wiceprzewodnicz\u0105ca Rady &#8211;&nbsp;&nbsp;<strong>El\u017cbieta Praus<\/strong><\/p>\n<p>&nbsp;<\/p>\n<p>Radni:<\/p>\n<p>BIELSKI BARTOSZ<br \/>\nBORAWSKI \u200bWIES\u0141AW<br \/>\nD\u0104BROWSKA \u200bKATARZYNA<br \/>\nGRANISZ \u200bWALDEMAR<br \/>\nKO\u015aCIELNY \u200bMAREK<br \/>\nNAWARA SONIA<br \/>\nMIODO\u0143SKI \u200bARKADIUSZ<br \/>\nPAJ\u0104K \u200bTERESA<br \/>\n\u200bPIETRASIK \u200bPAWE\u0141<br \/>\nSIPEK \u200bTOMASZ<br \/>\nURBA\u0143SKI \u200bMATEUSZ<\/p>\n<p><em>Do dnia 16-09-2019:<\/em><\/p>\n<p>Przewodnicz\u0105cy Zarz\u0105du Osiedla &#8211; <strong>Michal Bonk<br \/>\n<\/strong>Zast\u0119pca przewodnicz\u0105cego Zarz\u0105du &#8211; <strong>Marek Ko\u015bcielny<br \/>\n<\/strong>Sekretarz Zarz\u0105du &#8211;&nbsp; <strong>Robert Czerner<\/strong><\/p>\n<p>Przewodnicz\u0105cy Rady Osiedla &#8211; <strong>Krzysztof Kraus<br \/>\n<\/strong>Wiceprzewodnicz\u0105ca Rady &#8211;&nbsp;&nbsp;<strong>El\u017cbieta Praus<\/strong><\/p>\n<p>Radni:<\/p>\n<p>BIELSKI BARTOSZ<br \/>\nBORAWSKI \u200bWIES\u0141AW<br \/>\nD\u0104BROWSKA \u200bKATARZYNA<br \/>\nGRANISZ \u200bWALDEMAR<br \/>\nKO\u015aCIELNY \u200bMAREK<br \/>\nKUJDA \u200bRADOS\u0141AW<br \/>\nMIODO\u0143SKI \u200bARKADIUSZ<br \/>\nPAJ\u0104K \u200bTERESA<br \/>\n\u200bPIETRASIK \u200bPAWE\u0141<br \/>\nSIPEK \u200bTOMASZ<br \/>\nURBA\u0143SKI \u200bMATEUSZ<\/p>\n<hr>\n<p><em>Do dnia 04-02-2019:<\/em><\/p>\n<p>Przewodnicz\u0105cy Zarz\u0105du Osiedla &#8211; <strong>Michal Bonk<br \/>\n<\/strong>Zast\u0119pczyni przewodnicz\u0105cego Zarz\u0105du &#8211;&nbsp;<strong>El\u017cbieta Praus<br \/>\n<\/strong>Sekretarz Zarz\u0105du &#8211;&nbsp; <strong>Bartosz Bielski<\/strong><\/p>\n<p>Przewodnicz\u0105cy Rady Osiedla &#8211; <strong>Krzysztof Kraus<br \/>\n<\/strong>Wiceprzewodnicz\u0105cy Rady &#8211;&nbsp; <strong>Robert Czerner<\/strong><\/p>\n<p>Radni:<br \/>\nBORAWSKI \u200bWIES\u0141AW<br \/>\nD\u0104BROWSKA \u200bKATARZYNA<br \/>\nGRANISZ \u200bWALDEMAR<br \/>\nKO\u015aCIELNY \u200bMAREK<br \/>\nKUJDA \u200bRADOS\u0141AW<br \/>\nMIODO\u0143SKI \u200bARKADIUSZ<br \/>\nPAJ\u0104K \u200bTERESA<br \/>\n\u200bPIETRASIK \u200bPAWE\u0141<br \/>\nSIPEK \u200bTOMASZ<br \/>\nURBA\u0143SKI \u200bMATEUSZ<\/p>\n ","protected":false},"excerpt":{"rendered":"<p>od&nbsp; 2024 roku po \u015bmierci&nbsp; GRANISZ \u200bWALDEMARA &#8211; sk\u0142ad liczy 14 os\u00f3b. Przewodnicz\u0105cy Zarz\u0105du Osiedla &#8211; Michal Bonk Zast\u0119pca przewodnicz\u0105cego Zarz\u0105du &#8211; Marek Ko\u015bcielny Sekretarz Zarz\u0105du &#8211;&nbsp;&hellip;<\/p>\n<p> <a class=\"more-link\" href=\"https:\/\/radadzielnicy.witosa.pl\/?page_id=187\">Dowiedz si\u0119 wi\u0119cej<\/a><\/p>\n","protected":false},"author":1,"featured_media":0,"parent":0,"menu_order":0,"comment_status":"closed","ping_status":"closed","template":"","meta":{"ngg_post_thumbnail":0,"footnotes":""},"class_list":["post-187","page","type-page","status-publish"],"_links":{"self":[{"href":"https:\/\/radadzielnicy.witosa.pl\/index.php?rest_route=\/wp\/v2\/pages\/187","targetHints":{"allow":["GET"]}}],"collection":[{"href":"https:\/\/radadzielnicy.witosa.pl\/index.php?rest_route=\/wp\/v2\/pages"}],"about":[{"href":"https:\/\/radadzielnicy.witosa.pl\/index.php?rest_route=\/wp\/v2\/types\/page"}],"author":[{"embeddable":true,"href":"https:\/\/radadzielnicy.witosa.pl\/index.php?rest_route=\/wp\/v2\/users\/1"}],"replies":[{"embeddable":true,"href":"https:\/\/radadzielnicy.witosa.pl\/index.php?rest_route=%2Fwp%2Fv2%2Fcomments&post=187"}],"version-history":[{"count":16,"href":"https:\/\/radadzielnicy.witosa.pl\/index.php?rest_route=\/wp\/v2\/pages\/187\/revisions"}],"predecessor-version":[{"id":3758,"href":"https:\/\/radadzielnicy.witosa.pl\/index.php?rest_route=\/wp\/v2\/pages\/187\/revisions\/3758"}],"wp:attachment":[{"href":"https:\/\/radadzielnicy.witosa.pl\/index.php?rest_route=%2Fwp%2Fv2%2Fmedia&parent=187"}],"curies":[{"name":"wp","href":"https:\/\/api.w.org\/{rel}","templated":true}]}}